{"id":6385,"date":"2016-08-22T12:16:08","date_gmt":"2016-08-22T10:16:08","guid":{"rendered":"https:\/\/invest-park.com.pl\/wp-content\/uploads\/2016\/08\/Adam-Holewa-Dyrektor-Zak\u0142adu-Sitech-w-Polsce.jpg"},"modified":"2016-08-22T12:16:08","modified_gmt":"2016-08-22T10:16:08","slug":"adam-holewa-dyrektor-zakladu-sitech-w-polsce","status":"inherit","type":"attachment","link":"https:\/\/archiwum.invest-park.com.pl\/zh-hans\/blog\/2016\/08\/22\/sitech-rozpocznie-produkcje-dla-volkswagena\/adam-holewa-dyrektor-zakladu-sitech-w-polsce\/","title":{"rendered":"Adam Holewa Dyrektor Zak\u0142adu Sitech w Polsce"},"author":1,"featured_media":0,"comment_status":"open","ping_status":"closed","template":"","meta":{"_acf_changed":false},"class_list":["post-6385","attachment","type-attachment","status-inherit","hentry"],"acf":[],"yoast_head":"<!-- This site is optimized with the Yoast SEO plugin v27.5 - https:\/\/yoast.com\/product\/yoast-seo-wordpress\/ -->\n<title>Adam Holewa Dyrektor Zak\u0142adu Sitech w Polsce - WSSE &quot;INVEST-PARK&quot;. Wa\u0142brzyska Specjalna Strefa Ekonomiczna &quot;INVEST-PARK&quot;.<\/title>\n<meta name=\"robots\" content=\"index, follow, max-snippet:-1, max-image-preview:large, max-video-preview:-1\" \/>\n<link rel=\"canonical\" href=\"https:\/\/archiwum.invest-park.com.pl\/wp-content\/uploads\/2016\/08\/Adam-Holewa-Dyrektor-Zak\u0142adu-Sitech-w-Polsce.jpg\" \/>\n<meta property=\"og:locale\" content=\"zh_CN\" \/>\n<meta property=\"og:type\" content=\"article\" \/>\n<meta property=\"og:title\" content=\"Adam Holewa Dyrektor Zak\u0142adu Sitech w Polsce - WSSE &quot;INVEST-PARK&quot;. Wa\u0142brzyska Specjalna Strefa Ekonomiczna &quot;INVEST-PARK&quot;.\" \/>\n<meta property=\"og:description\" content=\"Read More...\" \/>\n<meta property=\"og:url\" content=\"https:\/\/archiwum.invest-park.com.pl\/wp-content\/uploads\/2016\/08\/Adam-Holewa-Dyrektor-Zak\u0142adu-Sitech-w-Polsce.jpg\" \/>\n<meta property=\"og:site_name\" content=\"WSSE &quot;INVEST-PARK&quot;. Wa\u0142brzyska Specjalna Strefa Ekonomiczna &quot;INVEST-PARK&quot;.\" \/>\n<meta property=\"og:image\" content=\"https:\/\/archiwum.invest-park.com.pl\/wp-content\/uploads\/2016\/08\/Adam-Holewa-Dyrektor-Zak\u0142adu-Sitech-w-Polsce.jpg\" \/>\n\t<meta property=\"og:image:width\" content=\"4928\" \/>\n\t<meta property=\"og:image:height\" content=\"3264\" \/>\n\t<meta property=\"og:image:type\" content=\"image\/jpeg\" \/>\n<script type=\"application\/ld+json\" class=\"yoast-schema-graph\">{\"@context\":\"https:\\\/\\\/schema.org\",\"@graph\":[{\"@type\":\"WebPage\",\"@id\":\"https:\\\/\\\/archiwum.invest-park.com.pl\\\/wp-content\\\/uploads\\\/2016\\\/08\\\/Adam-Holewa-Dyrektor-Zak\u0142adu-Sitech-w-Polsce.jpg\",\"url\":\"https:\\\/\\\/archiwum.invest-park.com.pl\\\/wp-content\\\/uploads\\\/2016\\\/08\\\/Adam-Holewa-Dyrektor-Zak\u0142adu-Sitech-w-Polsce.jpg\",\"name\":\"Adam Holewa Dyrektor Zak\u0142adu Sitech w Polsce - WSSE &quot;INVEST-PARK&quot;. Wa\u0142brzyska Specjalna Strefa Ekonomiczna &quot;INVEST-PARK&quot;.\",\"isPartOf\":{\"@id\":\"https:\\\/\\\/archiwum.invest-park.com.pl\\\/#website\"},\"datePublished\":\"2016-08-22T10:16:08+00:00\",\"breadcrumb\":{\"@id\":\"https:\\\/\\\/archiwum.invest-park.com.pl\\\/wp-content\\\/uploads\\\/2016\\\/08\\\/Adam-Holewa-Dyrektor-Zak\u0142adu-Sitech-w-Polsce.jpg#breadcrumb\"},\"inLanguage\":\"zh-Hans\",\"potentialAction\":[{\"@type\":\"ReadAction\",\"target\":[\"https:\\\/\\\/archiwum.invest-park.com.pl\\\/wp-content\\\/uploads\\\/2016\\\/08\\\/Adam-Holewa-Dyrektor-Zak\u0142adu-Sitech-w-Polsce.jpg\"]}]},{\"@type\":\"BreadcrumbList\",\"@id\":\"https:\\\/\\\/archiwum.invest-park.com.pl\\\/wp-content\\\/uploads\\\/2016\\\/08\\\/Adam-Holewa-Dyrektor-Zak\u0142adu-Sitech-w-Polsce.jpg#breadcrumb\",\"itemListElement\":[{\"@type\":\"ListItem\",\"position\":1,\"name\":\"Strona g\u0142\u00f3wna\",\"item\":\"https:\\\/\\\/archiwum.invest-park.com.pl\\\/\"},{\"@type\":\"ListItem\",\"position\":2,\"name\":\"Sitech rozpocznie produkcj\u0119 dla Volkswagena\",\"item\":\"https:\\\/\\\/archiwum.invest-park.com.pl\\\/blog\\\/2016\\\/08\\\/22\\\/sitech-rozpocznie-produkcje-dla-volkswagena\\\/\"},{\"@type\":\"ListItem\",\"position\":3,\"name\":\"Adam Holewa Dyrektor Zak\u0142adu Sitech w Polsce\"}]},{\"@type\":\"WebSite\",\"@id\":\"https:\\\/\\\/archiwum.invest-park.com.pl\\\/#website\",\"url\":\"https:\\\/\\\/archiwum.invest-park.com.pl\\\/\",\"name\":\"WSSE &quot;INVEST-PARK&quot;. Wa\u0142brzyska Specjalna Strefa Ekonomiczna &quot;INVEST-PARK&quot;.\",\"description\":\"Wa\u0142brzyska Specjalna Strefa Ekonomiczna to jedna z najwi\u0119kszych i najdynamiczniej rozwijaj\u0105cych si\u0119 stref ekonomicznych w Polsce | Znajd\u017a tereny inwestycyjne z ulgami podatkowymi | Dzia\u0142ki inwestycyjne | Tereny inwestycyjne | Strefy ekonomiczne w Polsce | Invest in Poland in Special Economic Zone\",\"potentialAction\":[{\"@type\":\"SearchAction\",\"target\":{\"@type\":\"EntryPoint\",\"urlTemplate\":\"https:\\\/\\\/archiwum.invest-park.com.pl\\\/?s={search_term_string}\"},\"query-input\":{\"@type\":\"PropertyValueSpecification\",\"valueRequired\":true,\"valueName\":\"search_term_string\"}}],\"inLanguage\":\"zh-Hans\"}]}<\/script>\n<!-- \/ Yoast SEO plugin. -->","yoast_head_json":{"title":"Adam Holewa Dyrektor Zak\u0142adu Sitech w Polsce - WSSE &quot;INVEST-PARK&quot;. Wa\u0142brzyska Specjalna Strefa Ekonomiczna &quot;INVEST-PARK&quot;.","robots":{"index":"index","follow":"follow","max-snippet":"max-snippet:-1","max-image-preview":"max-image-preview:large","max-video-preview":"max-video-preview:-1"},"canonical":"https:\/\/archiwum.invest-park.com.pl\/wp-content\/uploads\/2016\/08\/Adam-Holewa-Dyrektor-Zak\u0142adu-Sitech-w-Polsce.jpg","og_locale":"zh_CN","og_type":"article","og_title":"Adam Holewa Dyrektor Zak\u0142adu Sitech w Polsce - WSSE &quot;INVEST-PARK&quot;. Wa\u0142brzyska Specjalna Strefa Ekonomiczna &quot;INVEST-PARK&quot;.","og_description":"Read More...","og_url":"https:\/\/archiwum.invest-park.com.pl\/wp-content\/uploads\/2016\/08\/Adam-Holewa-Dyrektor-Zak\u0142adu-Sitech-w-Polsce.jpg","og_site_name":"WSSE &quot;INVEST-PARK&quot;. Wa\u0142brzyska Specjalna Strefa Ekonomiczna &quot;INVEST-PARK&quot;.","og_image":[{"width":4928,"height":3264,"url":"https:\/\/archiwum.invest-park.com.pl\/wp-content\/uploads\/2016\/08\/Adam-Holewa-Dyrektor-Zak\u0142adu-Sitech-w-Polsce.jpg","type":"image\/jpeg"}],"schema":{"@context":"https:\/\/schema.org","@graph":[{"@type":"WebPage","@id":"https:\/\/archiwum.invest-park.com.pl\/wp-content\/uploads\/2016\/08\/Adam-Holewa-Dyrektor-Zak\u0142adu-Sitech-w-Polsce.jpg","url":"https:\/\/archiwum.invest-park.com.pl\/wp-content\/uploads\/2016\/08\/Adam-Holewa-Dyrektor-Zak\u0142adu-Sitech-w-Polsce.jpg","name":"Adam Holewa Dyrektor Zak\u0142adu Sitech w Polsce - WSSE &quot;INVEST-PARK&quot;. Wa\u0142brzyska Specjalna Strefa Ekonomiczna &quot;INVEST-PARK&quot;.","isPartOf":{"@id":"https:\/\/archiwum.invest-park.com.pl\/#website"},"datePublished":"2016-08-22T10:16:08+00:00","breadcrumb":{"@id":"https:\/\/archiwum.invest-park.com.pl\/wp-content\/uploads\/2016\/08\/Adam-Holewa-Dyrektor-Zak\u0142adu-Sitech-w-Polsce.jpg#breadcrumb"},"inLanguage":"zh-Hans","potentialAction":[{"@type":"ReadAction","target":["https:\/\/archiwum.invest-park.com.pl\/wp-content\/uploads\/2016\/08\/Adam-Holewa-Dyrektor-Zak\u0142adu-Sitech-w-Polsce.jpg"]}]},{"@type":"BreadcrumbList","@id":"https:\/\/archiwum.invest-park.com.pl\/wp-content\/uploads\/2016\/08\/Adam-Holewa-Dyrektor-Zak\u0142adu-Sitech-w-Polsce.jpg#breadcrumb","itemListElement":[{"@type":"ListItem","position":1,"name":"Strona g\u0142\u00f3wna","item":"https:\/\/archiwum.invest-park.com.pl\/"},{"@type":"ListItem","position":2,"name":"Sitech rozpocznie produkcj\u0119 dla Volkswagena","item":"https:\/\/archiwum.invest-park.com.pl\/blog\/2016\/08\/22\/sitech-rozpocznie-produkcje-dla-volkswagena\/"},{"@type":"ListItem","position":3,"name":"Adam Holewa Dyrektor Zak\u0142adu Sitech w Polsce"}]},{"@type":"WebSite","@id":"https:\/\/archiwum.invest-park.com.pl\/#website","url":"https:\/\/archiwum.invest-park.com.pl\/","name":"WSSE &quot;INVEST-PARK&quot;. Wa\u0142brzyska Specjalna Strefa Ekonomiczna &quot;INVEST-PARK&quot;.","description":"Wa\u0142brzyska Specjalna Strefa Ekonomiczna to jedna z najwi\u0119kszych i najdynamiczniej rozwijaj\u0105cych si\u0119 stref ekonomicznych w Polsce | Znajd\u017a tereny inwestycyjne z ulgami podatkowymi | Dzia\u0142ki inwestycyjne | Tereny inwestycyjne | Strefy ekonomiczne w Polsce | Invest in Poland in Special Economic Zone","potentialAction":[{"@type":"SearchAction","target":{"@type":"EntryPoint","urlTemplate":"https:\/\/archiwum.invest-park.com.pl\/?s={search_term_string}"},"query-input":{"@type":"PropertyValueSpecification","valueRequired":true,"valueName":"search_term_string"}}],"inLanguage":"zh-Hans"}]}},"description":{"rendered":"<p class=\"attachment\"><a href='https:\/\/archiwum.invest-park.com.pl\/wp-content\/uploads\/2016\/08\/Adam-Holewa-Dyrektor-Zak\u0142adu-Sitech-w-Polsce.jpg'><img loading=\"lazy\" decoding=\"async\" width=\"300\" height=\"199\" src=\"https:\/\/archiwum.invest-park.com.pl\/wp-content\/uploads\/2016\/08\/Adam-Holewa-Dyrektor-Zak\u0142adu-Sitech-w-Polsce-300x199.jpg\" class=\"attachment-medium size-medium\" alt=\"Brak opisu obrazka\" srcset=\"https:\/\/archiwum.invest-park.com.pl\/wp-content\/uploads\/2016\/08\/Adam-Holewa-Dyrektor-Zak\u0142adu-Sitech-w-Polsce-300x199.jpg 300w, https:\/\/archiwum.invest-park.com.pl\/wp-content\/uploads\/2016\/08\/Adam-Holewa-Dyrektor-Zak\u0142adu-Sitech-w-Polsce-270x179.jpg 270w, https:\/\/archiwum.invest-park.com.pl\/wp-content\/uploads\/2016\/08\/Adam-Holewa-Dyrektor-Zak\u0142adu-Sitech-w-Polsce-768x509.jpg 768w, https:\/\/archiwum.invest-park.com.pl\/wp-content\/uploads\/2016\/08\/Adam-Holewa-Dyrektor-Zak\u0142adu-Sitech-w-Polsce-393x260.jpg 393w, https:\/\/archiwum.invest-park.com.pl\/wp-content\/uploads\/2016\/08\/Adam-Holewa-Dyrektor-Zak\u0142adu-Sitech-w-Polsce-1024x678.jpg 1024w, https:\/\/archiwum.invest-park.com.pl\/wp-content\/uploads\/2016\/08\/Adam-Holewa-Dyrektor-Zak\u0142adu-Sitech-w-Polsce-600x397.jpg 600w\" sizes=\"auto, (max-width: 300px) 100vw, 300px\" \/><\/a><\/p>\n"},"caption":{"rendered":"\n<p class=\"text-right\"><a class=\"btn btn-secondary understrap-read-more-link\" href=\"https:\/\/archiwum.invest-park.com.pl\/zh-hans\/blog\/2016\/08\/22\/sitech-rozpocznie-produkcje-dla-volkswagena\/adam-holewa-dyrektor-zakladu-sitech-w-polsce\/\">Read More&#8230;<\/a><\/p>\n"},"alt_text":"","media_type":"image","mime_type":"image\/jpeg","media_details":{"width":4928,"height":3264,"file":"2016\/08\/Adam-Holewa-Dyrektor-Zak\u0142adu-Sitech-w-Polsce.jpg","sizes":{"thumbnail":{"file":"Adam-Holewa-Dyrektor-Zak\u0142adu-Sitech-w-Polsce-270x179.jpg","width":270,"height":179,"mime_type":"image\/jpeg","source_url":"https:\/\/archiwum.invest-park.com.pl\/wp-content\/uploads\/2016\/08\/Adam-Holewa-Dyrektor-Zak\u0142adu-Sitech-w-Polsce-270x179.jpg"},"medium":{"file":"Adam-Holewa-Dyrektor-Zak\u0142adu-Sitech-w-Polsce-300x199.jpg","width":300,"height":199,"mime_type":"image\/jpeg","source_url":"https:\/\/archiwum.invest-park.com.pl\/wp-content\/uploads\/2016\/08\/Adam-Holewa-Dyrektor-Zak\u0142adu-Sitech-w-Polsce-300x199.jpg"},"medium_large":{"file":"Adam-Holewa-Dyrektor-Zak\u0142adu-Sitech-w-Polsce-768x509.jpg","width":768,"height":509,"mime_type":"image\/jpeg","source_url":"https:\/\/archiwum.invest-park.com.pl\/wp-content\/uploads\/2016\/08\/Adam-Holewa-Dyrektor-Zak\u0142adu-Sitech-w-Polsce-768x509.jpg"},"news-boxes":{"file":"Adam-Holewa-Dyrektor-Zak\u0142adu-Sitech-w-Polsce-393x260.jpg","width":393,"height":260,"mime_type":"image\/jpeg","source_url":"https:\/\/archiwum.invest-park.com.pl\/wp-content\/uploads\/2016\/08\/Adam-Holewa-Dyrektor-Zak\u0142adu-Sitech-w-Polsce-393x260.jpg"},"large":{"file":"Adam-Holewa-Dyrektor-Zak\u0142adu-Sitech-w-Polsce-1024x678.jpg","width":1024,"height":678,"mime_type":"image\/jpeg","source_url":"https:\/\/archiwum.invest-park.com.pl\/wp-content\/uploads\/2016\/08\/Adam-Holewa-Dyrektor-Zak\u0142adu-Sitech-w-Polsce-1024x678.jpg"},"wysija-newsletters-max":{"file":"Adam-Holewa-Dyrektor-Zak\u0142adu-Sitech-w-Polsce-600x397.jpg","width":600,"height":397,"mime_type":"image\/jpeg","source_url":"https:\/\/archiwum.invest-park.com.pl\/wp-content\/uploads\/2016\/08\/Adam-Holewa-Dyrektor-Zak\u0142adu-Sitech-w-Polsce-600x397.jpg"},"owl_widget":{"file":"Adam-Holewa-Dyrektor-Zak\u0142adu-Sitech-w-Polsce-180x100.jpg","width":180,"height":100,"mime_type":"image\/jpeg","source_url":"https:\/\/archiwum.invest-park.com.pl\/wp-content\/uploads\/2016\/08\/Adam-Holewa-Dyrektor-Zak\u0142adu-Sitech-w-Polsce-180x100.jpg"},"owl_function":{"file":"Adam-Holewa-Dyrektor-Zak\u0142adu-Sitech-w-Polsce-600x280.jpg","width":600,"height":280,"mime_type":"image\/jpeg","source_url":"https:\/\/archiwum.invest-park.com.pl\/wp-content\/uploads\/2016\/08\/Adam-Holewa-Dyrektor-Zak\u0142adu-Sitech-w-Polsce-600x280.jpg"},"full":{"file":"Adam-Holewa-Dyrektor-Zak\u0142adu-Sitech-w-Polsce.jpg","width":4928,"height":3264,"mime_type":"image\/jpeg","source_url":"https:\/\/archiwum.invest-park.com.pl\/wp-content\/uploads\/2016\/08\/Adam-Holewa-Dyrektor-Zak\u0142adu-Sitech-w-Polsce.jpg"}},"image_meta":{"aperture":"6.3","credit":"","camera":"NIKON D5100","caption":"","created_timestamp":"1471531997","copyright":"","focal_length":"62","iso":"4000","shutter_speed":"0.0125","title":"","orientation":"1","keywords":[]}},"post":6384,"source_url":"https:\/\/archiwum.invest-park.com.pl\/wp-content\/uploads\/2016\/08\/Adam-Holewa-Dyrektor-Zak\u0142adu-Sitech-w-Polsce.jpg","_links":{"self":[{"href":"https:\/\/archiwum.invest-park.com.pl\/zh-hans\/wp-json\/wp\/v2\/media\/6385","targetHints":{"allow":["GET"]}}],"collection":[{"href":"https:\/\/archiwum.invest-park.com.pl\/zh-hans\/wp-json\/wp\/v2\/media"}],"about":[{"href":"https:\/\/archiwum.invest-park.com.pl\/zh-hans\/wp-json\/wp\/v2\/types\/attachment"}],"author":[{"embeddable":true,"href":"https:\/\/archiwum.invest-park.com.pl\/zh-hans\/wp-json\/wp\/v2\/users\/1"}],"replies":[{"embeddable":true,"href":"https:\/\/archiwum.invest-park.com.pl\/zh-hans\/wp-json\/wp\/v2\/comments?post=6385"}],"wp:attached-to":[{"embeddable":true,"post_type":"post","id":6384,"href":"https:\/\/archiwum.invest-park.com.pl\/zh-hans\/wp-json\/wp\/v2\/posts\/6384"}],"curies":[{"name":"wp","href":"https:\/\/api.w.org\/{rel}","templated":true}]}}