{"id":7060,"date":"2017-03-06T14:55:17","date_gmt":"2017-03-06T13:55:17","guid":{"rendered":"https:\/\/invest-park.com.pl\/wp-content\/uploads\/2017\/03\/Mercedes-otwarcie-wystawy-18.jpg"},"modified":"2017-03-06T14:55:17","modified_gmt":"2017-03-06T13:55:17","slug":"mercedes-otwarcie-wystawy-18","status":"inherit","type":"attachment","link":"https:\/\/archiwum.invest-park.com.pl\/en\/blog\/2017\/03\/06\/nowy-rozdzial-w-historii-mercedes-benz\/mercedes-otwarcie-wystawy-18\/","title":{"rendered":"Mercedes &#8211; otwarcie wystawy (18)"},"author":1,"featured_media":0,"comment_status":"open","ping_status":"closed","template":"","meta":{"_acf_changed":false},"class_list":["post-7060","attachment","type-attachment","status-inherit","hentry"],"acf":[],"yoast_head":"<!-- This site is optimized with the Yoast SEO plugin v27.5 - https:\/\/yoast.com\/product\/yoast-seo-wordpress\/ -->\n<title>Mercedes - otwarcie wystawy (18) - WSSE &quot;INVEST-PARK&quot;. Wa\u0142brzyska Specjalna Strefa Ekonomiczna &quot;INVEST-PARK&quot;.<\/title>\n<meta name=\"robots\" content=\"index, follow, max-snippet:-1, max-image-preview:large, max-video-preview:-1\" \/>\n<link rel=\"canonical\" href=\"https:\/\/archiwum.invest-park.com.pl\/wp-content\/uploads\/2017\/03\/Mercedes-otwarcie-wystawy-18-e1488808824581.jpg\" \/>\n<meta property=\"og:locale\" content=\"en_US\" \/>\n<meta property=\"og:type\" content=\"article\" \/>\n<meta property=\"og:title\" content=\"Mercedes - otwarcie wystawy (18) - WSSE &quot;INVEST-PARK&quot;. Wa\u0142brzyska Specjalna Strefa Ekonomiczna &quot;INVEST-PARK&quot;.\" \/>\n<meta property=\"og:description\" content=\"Read More...\" \/>\n<meta property=\"og:url\" content=\"https:\/\/archiwum.invest-park.com.pl\/wp-content\/uploads\/2017\/03\/Mercedes-otwarcie-wystawy-18-e1488808824581.jpg\" \/>\n<meta property=\"og:site_name\" content=\"WSSE &quot;INVEST-PARK&quot;. Wa\u0142brzyska Specjalna Strefa Ekonomiczna &quot;INVEST-PARK&quot;.\" \/>\n<meta property=\"og:image\" content=\"https:\/\/archiwum.invest-park.com.pl\/wp-content\/uploads\/2017\/03\/Mercedes-otwarcie-wystawy-18-e1488808824581.jpg\" \/>\n\t<meta property=\"og:image:width\" content=\"2957\" \/>\n\t<meta property=\"og:image:height\" content=\"946\" \/>\n\t<meta property=\"og:image:type\" content=\"image\/jpeg\" \/>\n<script type=\"application\/ld+json\" class=\"yoast-schema-graph\">{\"@context\":\"https:\\\/\\\/schema.org\",\"@graph\":[{\"@type\":\"WebPage\",\"@id\":\"https:\\\/\\\/archiwum.invest-park.com.pl\\\/wp-content\\\/uploads\\\/2017\\\/03\\\/Mercedes-otwarcie-wystawy-18-e1488808824581.jpg\",\"url\":\"https:\\\/\\\/archiwum.invest-park.com.pl\\\/wp-content\\\/uploads\\\/2017\\\/03\\\/Mercedes-otwarcie-wystawy-18-e1488808824581.jpg\",\"name\":\"Mercedes - otwarcie wystawy (18) - WSSE &quot;INVEST-PARK&quot;. Wa\u0142brzyska Specjalna Strefa Ekonomiczna &quot;INVEST-PARK&quot;.\",\"isPartOf\":{\"@id\":\"https:\\\/\\\/archiwum.invest-park.com.pl\\\/#website\"},\"datePublished\":\"2017-03-06T13:55:17+00:00\",\"breadcrumb\":{\"@id\":\"https:\\\/\\\/archiwum.invest-park.com.pl\\\/wp-content\\\/uploads\\\/2017\\\/03\\\/Mercedes-otwarcie-wystawy-18-e1488808824581.jpg#breadcrumb\"},\"inLanguage\":\"en-US\",\"potentialAction\":[{\"@type\":\"ReadAction\",\"target\":[\"https:\\\/\\\/archiwum.invest-park.com.pl\\\/wp-content\\\/uploads\\\/2017\\\/03\\\/Mercedes-otwarcie-wystawy-18-e1488808824581.jpg\"]}]},{\"@type\":\"BreadcrumbList\",\"@id\":\"https:\\\/\\\/archiwum.invest-park.com.pl\\\/wp-content\\\/uploads\\\/2017\\\/03\\\/Mercedes-otwarcie-wystawy-18-e1488808824581.jpg#breadcrumb\",\"itemListElement\":[{\"@type\":\"ListItem\",\"position\":1,\"name\":\"Strona g\u0142\u00f3wna\",\"item\":\"https:\\\/\\\/archiwum.invest-park.com.pl\\\/en\\\/\"},{\"@type\":\"ListItem\",\"position\":2,\"name\":\"Nowy rozdzia\u0142 w historii Mercedes-Benz\",\"item\":\"https:\\\/\\\/archiwum.invest-park.com.pl\\\/blog\\\/2017\\\/03\\\/06\\\/nowy-rozdzial-w-historii-mercedes-benz\\\/\"},{\"@type\":\"ListItem\",\"position\":3,\"name\":\"Mercedes &#8211; otwarcie wystawy (18)\"}]},{\"@type\":\"WebSite\",\"@id\":\"https:\\\/\\\/archiwum.invest-park.com.pl\\\/#website\",\"url\":\"https:\\\/\\\/archiwum.invest-park.com.pl\\\/\",\"name\":\"WSSE &quot;INVEST-PARK&quot;. Wa\u0142brzyska Specjalna Strefa Ekonomiczna &quot;INVEST-PARK&quot;.\",\"description\":\"Wa\u0142brzyska Specjalna Strefa Ekonomiczna to jedna z najwi\u0119kszych i najdynamiczniej rozwijaj\u0105cych si\u0119 stref ekonomicznych w Polsce | Znajd\u017a tereny inwestycyjne z ulgami podatkowymi | Dzia\u0142ki inwestycyjne | Tereny inwestycyjne | Strefy ekonomiczne w Polsce | Invest in Poland in Special Economic Zone\",\"potentialAction\":[{\"@type\":\"SearchAction\",\"target\":{\"@type\":\"EntryPoint\",\"urlTemplate\":\"https:\\\/\\\/archiwum.invest-park.com.pl\\\/?s={search_term_string}\"},\"query-input\":{\"@type\":\"PropertyValueSpecification\",\"valueRequired\":true,\"valueName\":\"search_term_string\"}}],\"inLanguage\":\"en-US\"}]}<\/script>\n<!-- \/ Yoast SEO plugin. -->","yoast_head_json":{"title":"Mercedes - otwarcie wystawy (18) - WSSE &quot;INVEST-PARK&quot;. Wa\u0142brzyska Specjalna Strefa Ekonomiczna &quot;INVEST-PARK&quot;.","robots":{"index":"index","follow":"follow","max-snippet":"max-snippet:-1","max-image-preview":"max-image-preview:large","max-video-preview":"max-video-preview:-1"},"canonical":"https:\/\/archiwum.invest-park.com.pl\/wp-content\/uploads\/2017\/03\/Mercedes-otwarcie-wystawy-18-e1488808824581.jpg","og_locale":"en_US","og_type":"article","og_title":"Mercedes - otwarcie wystawy (18) - WSSE &quot;INVEST-PARK&quot;. Wa\u0142brzyska Specjalna Strefa Ekonomiczna &quot;INVEST-PARK&quot;.","og_description":"Read More...","og_url":"https:\/\/archiwum.invest-park.com.pl\/wp-content\/uploads\/2017\/03\/Mercedes-otwarcie-wystawy-18-e1488808824581.jpg","og_site_name":"WSSE &quot;INVEST-PARK&quot;. Wa\u0142brzyska Specjalna Strefa Ekonomiczna &quot;INVEST-PARK&quot;.","og_image":[{"width":2957,"height":946,"url":"https:\/\/archiwum.invest-park.com.pl\/wp-content\/uploads\/2017\/03\/Mercedes-otwarcie-wystawy-18-e1488808824581.jpg","type":"image\/jpeg"}],"schema":{"@context":"https:\/\/schema.org","@graph":[{"@type":"WebPage","@id":"https:\/\/archiwum.invest-park.com.pl\/wp-content\/uploads\/2017\/03\/Mercedes-otwarcie-wystawy-18-e1488808824581.jpg","url":"https:\/\/archiwum.invest-park.com.pl\/wp-content\/uploads\/2017\/03\/Mercedes-otwarcie-wystawy-18-e1488808824581.jpg","name":"Mercedes - otwarcie wystawy (18) - WSSE &quot;INVEST-PARK&quot;. Wa\u0142brzyska Specjalna Strefa Ekonomiczna &quot;INVEST-PARK&quot;.","isPartOf":{"@id":"https:\/\/archiwum.invest-park.com.pl\/#website"},"datePublished":"2017-03-06T13:55:17+00:00","breadcrumb":{"@id":"https:\/\/archiwum.invest-park.com.pl\/wp-content\/uploads\/2017\/03\/Mercedes-otwarcie-wystawy-18-e1488808824581.jpg#breadcrumb"},"inLanguage":"en-US","potentialAction":[{"@type":"ReadAction","target":["https:\/\/archiwum.invest-park.com.pl\/wp-content\/uploads\/2017\/03\/Mercedes-otwarcie-wystawy-18-e1488808824581.jpg"]}]},{"@type":"BreadcrumbList","@id":"https:\/\/archiwum.invest-park.com.pl\/wp-content\/uploads\/2017\/03\/Mercedes-otwarcie-wystawy-18-e1488808824581.jpg#breadcrumb","itemListElement":[{"@type":"ListItem","position":1,"name":"Strona g\u0142\u00f3wna","item":"https:\/\/archiwum.invest-park.com.pl\/en\/"},{"@type":"ListItem","position":2,"name":"Nowy rozdzia\u0142 w historii Mercedes-Benz","item":"https:\/\/archiwum.invest-park.com.pl\/blog\/2017\/03\/06\/nowy-rozdzial-w-historii-mercedes-benz\/"},{"@type":"ListItem","position":3,"name":"Mercedes &#8211; otwarcie wystawy (18)"}]},{"@type":"WebSite","@id":"https:\/\/archiwum.invest-park.com.pl\/#website","url":"https:\/\/archiwum.invest-park.com.pl\/","name":"WSSE &quot;INVEST-PARK&quot;. Wa\u0142brzyska Specjalna Strefa Ekonomiczna &quot;INVEST-PARK&quot;.","description":"Wa\u0142brzyska Specjalna Strefa Ekonomiczna to jedna z najwi\u0119kszych i najdynamiczniej rozwijaj\u0105cych si\u0119 stref ekonomicznych w Polsce | Znajd\u017a tereny inwestycyjne z ulgami podatkowymi | Dzia\u0142ki inwestycyjne | Tereny inwestycyjne | Strefy ekonomiczne w Polsce | Invest in Poland in Special Economic Zone","potentialAction":[{"@type":"SearchAction","target":{"@type":"EntryPoint","urlTemplate":"https:\/\/archiwum.invest-park.com.pl\/?s={search_term_string}"},"query-input":{"@type":"PropertyValueSpecification","valueRequired":true,"valueName":"search_term_string"}}],"inLanguage":"en-US"}]}},"description":{"rendered":"<p class=\"attachment\"><a href='https:\/\/archiwum.invest-park.com.pl\/wp-content\/uploads\/2017\/03\/Mercedes-otwarcie-wystawy-18-e1488808824581.jpg'><img loading=\"lazy\" decoding=\"async\" width=\"300\" height=\"96\" src=\"https:\/\/archiwum.invest-park.com.pl\/wp-content\/uploads\/2017\/03\/Mercedes-otwarcie-wystawy-18-e1488808824581-300x96.jpg\" class=\"attachment-medium size-medium\" alt=\"Brak opisu obrazka\" srcset=\"https:\/\/archiwum.invest-park.com.pl\/wp-content\/uploads\/2017\/03\/Mercedes-otwarcie-wystawy-18-e1488808824581-300x96.jpg 300w, https:\/\/archiwum.invest-park.com.pl\/wp-content\/uploads\/2017\/03\/Mercedes-otwarcie-wystawy-18-e1488808824581-768x246.jpg 768w, https:\/\/archiwum.invest-park.com.pl\/wp-content\/uploads\/2017\/03\/Mercedes-otwarcie-wystawy-18-e1488808824581-1024x328.jpg 1024w, https:\/\/archiwum.invest-park.com.pl\/wp-content\/uploads\/2017\/03\/Mercedes-otwarcie-wystawy-18-e1488808824581-600x192.jpg 600w, https:\/\/archiwum.invest-park.com.pl\/wp-content\/uploads\/2017\/03\/Mercedes-otwarcie-wystawy-18-e1488808824581-393x126.jpg 393w, https:\/\/archiwum.invest-park.com.pl\/wp-content\/uploads\/2017\/03\/Mercedes-otwarcie-wystawy-18-e1488808824581-270x86.jpg 270w\" sizes=\"auto, (max-width: 300px) 100vw, 300px\" \/><\/a><\/p>\n"},"caption":{"rendered":"\n<p class=\"text-right\"><a class=\"btn btn-secondary understrap-read-more-link\" href=\"https:\/\/archiwum.invest-park.com.pl\/en\/blog\/2017\/03\/06\/nowy-rozdzial-w-historii-mercedes-benz\/mercedes-otwarcie-wystawy-18\/\">Read More&#8230;<\/a><\/p>\n"},"alt_text":"","media_type":"image","mime_type":"image\/jpeg","media_details":{"width":2957,"height":946,"file":"2017\/03\/Mercedes-otwarcie-wystawy-18-e1488808824581.jpg","sizes":{"medium":{"file":"Mercedes-otwarcie-wystawy-18-e1488808824581-300x96.jpg","width":300,"height":96,"mime_type":"image\/jpeg","source_url":"https:\/\/archiwum.invest-park.com.pl\/wp-content\/uploads\/2017\/03\/Mercedes-otwarcie-wystawy-18-e1488808824581-300x96.jpg"},"medium_large":{"file":"Mercedes-otwarcie-wystawy-18-e1488808824581-768x246.jpg","width":768,"height":246,"mime_type":"image\/jpeg","source_url":"https:\/\/archiwum.invest-park.com.pl\/wp-content\/uploads\/2017\/03\/Mercedes-otwarcie-wystawy-18-e1488808824581-768x246.jpg"},"large":{"file":"Mercedes-otwarcie-wystawy-18-e1488808824581-1024x328.jpg","width":1024,"height":328,"mime_type":"image\/jpeg","source_url":"https:\/\/archiwum.invest-park.com.pl\/wp-content\/uploads\/2017\/03\/Mercedes-otwarcie-wystawy-18-e1488808824581-1024x328.jpg"},"wysija-newsletters-max":{"file":"Mercedes-otwarcie-wystawy-18-e1488808824581-600x192.jpg","width":600,"height":192,"mime_type":"image\/jpeg","source_url":"https:\/\/archiwum.invest-park.com.pl\/wp-content\/uploads\/2017\/03\/Mercedes-otwarcie-wystawy-18-e1488808824581-600x192.jpg"},"news-boxes":{"file":"Mercedes-otwarcie-wystawy-18-e1488808824581-393x126.jpg","width":393,"height":126,"mime_type":"image\/jpeg","source_url":"https:\/\/archiwum.invest-park.com.pl\/wp-content\/uploads\/2017\/03\/Mercedes-otwarcie-wystawy-18-e1488808824581-393x126.jpg"},"thumbnail":{"file":"Mercedes-otwarcie-wystawy-18-e1488808824581-270x86.jpg","width":270,"height":86,"mime_type":"image\/jpeg","source_url":"https:\/\/archiwum.invest-park.com.pl\/wp-content\/uploads\/2017\/03\/Mercedes-otwarcie-wystawy-18-e1488808824581-270x86.jpg"},"owl_widget":{"file":"Mercedes-otwarcie-wystawy-18-e1488808824581-180x100.jpg","width":180,"height":100,"mime_type":"image\/jpeg","source_url":"https:\/\/archiwum.invest-park.com.pl\/wp-content\/uploads\/2017\/03\/Mercedes-otwarcie-wystawy-18-e1488808824581-180x100.jpg"},"owl_function":{"file":"Mercedes-otwarcie-wystawy-18-e1488808824581-600x280.jpg","width":600,"height":280,"mime_type":"image\/jpeg","source_url":"https:\/\/archiwum.invest-park.com.pl\/wp-content\/uploads\/2017\/03\/Mercedes-otwarcie-wystawy-18-e1488808824581-600x280.jpg"},"full":{"file":"Mercedes-otwarcie-wystawy-18-e1488808824581.jpg","width":2957,"height":946,"mime_type":"image\/jpeg","source_url":"https:\/\/archiwum.invest-park.com.pl\/wp-content\/uploads\/2017\/03\/Mercedes-otwarcie-wystawy-18-e1488808824581.jpg"}},"image_meta":{"aperture":"3.5","credit":"","camera":"NIKON D5100","caption":"","created_timestamp":"1488566703","copyright":"","focal_length":"18","iso":"800","shutter_speed":"0.04","title":"","orientation":"1","keywords":[]}},"post":7058,"source_url":"https:\/\/archiwum.invest-park.com.pl\/wp-content\/uploads\/2017\/03\/Mercedes-otwarcie-wystawy-18-e1488808824581.jpg","_links":{"self":[{"href":"https:\/\/archiwum.invest-park.com.pl\/en\/wp-json\/wp\/v2\/media\/7060","targetHints":{"allow":["GET"]}}],"collection":[{"href":"https:\/\/archiwum.invest-park.com.pl\/en\/wp-json\/wp\/v2\/media"}],"about":[{"href":"https:\/\/archiwum.invest-park.com.pl\/en\/wp-json\/wp\/v2\/types\/attachment"}],"author":[{"embeddable":true,"href":"https:\/\/archiwum.invest-park.com.pl\/en\/wp-json\/wp\/v2\/users\/1"}],"replies":[{"embeddable":true,"href":"https:\/\/archiwum.invest-park.com.pl\/en\/wp-json\/wp\/v2\/comments?post=7060"}],"wp:attached-to":[{"embeddable":true,"post_type":"post","id":7058,"href":"https:\/\/archiwum.invest-park.com.pl\/en\/wp-json\/wp\/v2\/posts\/7058"}],"curies":[{"name":"wp","href":"https:\/\/api.w.org\/{rel}","templated":true}]}}